{"version":"1.0","provider_name":"Feira do Livro","provider_url":"https:\/\/www.cmc.com.br\/feiradolivro2018","author_name":"Tatiana","author_url":"https:\/\/www.cmc.com.br\/feiradolivro2018\/author\/tatiana\/","title":"Fotograf\u00edas Matem\u00e1ticas - Feira do Livro","type":"rich","width":600,"height":338,"html":"<blockquote class=\"wp-embedded-content\" data-secret=\"QBX4nDIYFF\"><a href=\"https:\/\/www.cmc.com.br\/feiradolivro2018\/conteudos\/fotografias-matematicas\/\">Fotograf\u00edas Matem\u00e1ticas<\/a><\/blockquote><iframe sandbox=\"allow-scripts\" security=\"restricted\" src=\"https:\/\/www.cmc.com.br\/feiradolivro2018\/conteudos\/fotografias-matematicas\/embed\/#?secret=QBX4nDIYFF\" width=\"600\" height=\"338\" title=\"&#8220;Fotograf\u00edas Matem\u00e1ticas&#8221; &#8212; Feira do Livro\" data-secret=\"QBX4nDIYFF\" frameborder=\"0\" marginwidth=\"0\" marginheight=\"0\" scrolling=\"no\" class=\"wp-embedded-content\"><\/iframe><script type=\"text\/javascript\">\n\/* <![CDATA[ *\/\n\/*! This file is auto-generated *\/\n!function(d,l){\"use strict\";l.querySelector&&d.addEventListener&&\"undefined\"!=typeof URL&&(d.wp=d.wp||{},d.wp.receiveEmbedMessage||(d.wp.receiveEmbedMessage=function(e){var t=e.data;if((t||t.secret||t.message||t.value)&&!\/[^a-zA-Z0-9]\/.test(t.secret)){for(var s,r,n,a=l.querySelectorAll('iframe[data-secret=\"'+t.secret+'\"]'),o=l.querySelectorAll('blockquote[data-secret=\"'+t.secret+'\"]'),c=new RegExp(\"^https?:$\",\"i\"),i=0;i<o.length;i++)o[i].style.display=\"none\";for(i=0;i<a.length;i++)s=a[i],e.source===s.contentWindow&&(s.removeAttribute(\"style\"),\"height\"===t.message?(1e3<(r=parseInt(t.value,10))?r=1e3:~~r<200&&(r=200),s.height=r):\"link\"===t.message&&(r=new URL(s.getAttribute(\"src\")),n=new URL(t.value),c.test(n.protocol))&&n.host===r.host&&l.activeElement===s&&(d.top.location.href=t.value))}},d.addEventListener(\"message\",d.wp.receiveEmbedMessage,!1),l.addEventListener(\"DOMContentLoaded\",function(){for(var e,t,s=l.querySelectorAll(\"iframe.wp-embedded-content\"),r=0;r<s.length;r++)(t=(e=s[r]).getAttribute(\"data-secret\"))||(t=Math.random().toString(36).substring(2,12),e.src+=\"#?secret=\"+t,e.setAttribute(\"data-secret\",t)),e.contentWindow.postMessage({message:\"ready\",secret:t},\"*\")},!1)))}(window,document);\n\/* ]]> *\/\n<\/script>\n","description":"Exposici\u00f3n Fotograf\u00edas Matem\u00e1ticas Por:\u00a0Departamento de Matem\u00e1ticas |\u00a0Mayo de 2018 Este a\u00f1o, el Colegio Miguel de Cervantes ha participado por primera vez en el XI Concurso de Fotograf\u00eda Matem\u00e1tica Paulo Abrantes, organizado por el Instituto Giner de los R\u00edos de Lisboa. Se trata de un concurso de fotograf\u00edas autorales que contengan elementos matem\u00e1ticos y en el [&hellip;]"}