{"version":"1.0","provider_name":"Feira do Livro","provider_url":"https:\/\/www.cmc.com.br\/feiradolivro2019","author_name":"Tatiana","author_url":"https:\/\/www.cmc.com.br\/feiradolivro2019\/author\/tatiana\/","title":"Marcella Riani - Feira do Livro","type":"rich","width":600,"height":338,"html":"<blockquote class=\"wp-embedded-content\" data-secret=\"MZd6f8kT6j\"><a href=\"https:\/\/www.cmc.com.br\/feiradolivro2019\/conteudos\/marcella-riani\/\">Marcella Riani<\/a><\/blockquote><iframe sandbox=\"allow-scripts\" security=\"restricted\" src=\"https:\/\/www.cmc.com.br\/feiradolivro2019\/conteudos\/marcella-riani\/embed\/#?secret=MZd6f8kT6j\" width=\"600\" height=\"338\" title=\"&#8220;Marcella Riani&#8221; &#8212; Feira do Livro\" data-secret=\"MZd6f8kT6j\" frameborder=\"0\" marginwidth=\"0\" marginheight=\"0\" scrolling=\"no\" class=\"wp-embedded-content\"><\/iframe><script type=\"text\/javascript\">\n\/* <![CDATA[ *\/\n\/*! This file is auto-generated *\/\n!function(d,l){\"use strict\";l.querySelector&&d.addEventListener&&\"undefined\"!=typeof URL&&(d.wp=d.wp||{},d.wp.receiveEmbedMessage||(d.wp.receiveEmbedMessage=function(e){var t=e.data;if((t||t.secret||t.message||t.value)&&!\/[^a-zA-Z0-9]\/.test(t.secret)){for(var s,r,n,a=l.querySelectorAll('iframe[data-secret=\"'+t.secret+'\"]'),o=l.querySelectorAll('blockquote[data-secret=\"'+t.secret+'\"]'),c=new RegExp(\"^https?:$\",\"i\"),i=0;i<o.length;i++)o[i].style.display=\"none\";for(i=0;i<a.length;i++)s=a[i],e.source===s.contentWindow&&(s.removeAttribute(\"style\"),\"height\"===t.message?(1e3<(r=parseInt(t.value,10))?r=1e3:~~r<200&&(r=200),s.height=r):\"link\"===t.message&&(r=new URL(s.getAttribute(\"src\")),n=new URL(t.value),c.test(n.protocol))&&n.host===r.host&&l.activeElement===s&&(d.top.location.href=t.value))}},d.addEventListener(\"message\",d.wp.receiveEmbedMessage,!1),l.addEventListener(\"DOMContentLoaded\",function(){for(var e,t,s=l.querySelectorAll(\"iframe.wp-embedded-content\"),r=0;r<s.length;r++)(t=(e=s[r]).getAttribute(\"data-secret\"))||(t=Math.random().toString(36).substring(2,12),e.src+=\"#?secret=\"+t,e.setAttribute(\"data-secret\",t)),e.contentWindow.postMessage({message:\"ready\",secret:t},\"*\")},!1)))}(window,document);\n\/* ]]> *\/\n<\/script>\n","description":"Arquiteta e p\u00f3s-graduada em design gr\u00e1fico pela Funda\u00e7\u00e3o Armando Alvares Penteado (FAAP). Iniciou sua carreira como artista gr\u00e1fica pintando murais para construtora. Al\u00e9m dos murais, trabalha em diversos projetos gr\u00e1ficos, como ilustra\u00e7\u00f5es para livros, identidades visuais, estamparia e design de superf\u00edcies. Livro: As meninas dos sonhos de renda 11h30 a 12h15 5\u00ba ABC\u00a0 Sala Artes [&hellip;]"}