{"version":"1.0","provider_name":"Feira do Livro","provider_url":"https:\/\/www.cmc.com.br\/feiradolivro2019","author_name":"Tatiana","author_url":"https:\/\/www.cmc.com.br\/feiradolivro2019\/author\/tatiana\/","title":"Sistema de vendas com cart\u00e3o magn\u00e9tico - Feira do Livro","type":"rich","width":600,"height":338,"html":"<blockquote class=\"wp-embedded-content\" data-secret=\"TVAI9UYiaj\"><a href=\"https:\/\/www.cmc.com.br\/feiradolivro2019\/conteudos\/sistema-de-vendas-com-cartao-magnetico\/\">Sistema de vendas com cart\u00e3o magn\u00e9tico<\/a><\/blockquote><iframe sandbox=\"allow-scripts\" security=\"restricted\" src=\"https:\/\/www.cmc.com.br\/feiradolivro2019\/conteudos\/sistema-de-vendas-com-cartao-magnetico\/embed\/#?secret=TVAI9UYiaj\" width=\"600\" height=\"338\" title=\"&#8220;Sistema de vendas com cart\u00e3o magn\u00e9tico&#8221; &#8212; Feira do Livro\" data-secret=\"TVAI9UYiaj\" frameborder=\"0\" marginwidth=\"0\" marginheight=\"0\" scrolling=\"no\" class=\"wp-embedded-content\"><\/iframe><script type=\"text\/javascript\">\n\/* <![CDATA[ *\/\n\/*! This file is auto-generated *\/\n!function(d,l){\"use strict\";l.querySelector&&d.addEventListener&&\"undefined\"!=typeof URL&&(d.wp=d.wp||{},d.wp.receiveEmbedMessage||(d.wp.receiveEmbedMessage=function(e){var t=e.data;if((t||t.secret||t.message||t.value)&&!\/[^a-zA-Z0-9]\/.test(t.secret)){for(var s,r,n,a=l.querySelectorAll('iframe[data-secret=\"'+t.secret+'\"]'),o=l.querySelectorAll('blockquote[data-secret=\"'+t.secret+'\"]'),c=new RegExp(\"^https?:$\",\"i\"),i=0;i<o.length;i++)o[i].style.display=\"none\";for(i=0;i<a.length;i++)s=a[i],e.source===s.contentWindow&&(s.removeAttribute(\"style\"),\"height\"===t.message?(1e3<(r=parseInt(t.value,10))?r=1e3:~~r<200&&(r=200),s.height=r):\"link\"===t.message&&(r=new URL(s.getAttribute(\"src\")),n=new URL(t.value),c.test(n.protocol))&&n.host===r.host&&l.activeElement===s&&(d.top.location.href=t.value))}},d.addEventListener(\"message\",d.wp.receiveEmbedMessage,!1),l.addEventListener(\"DOMContentLoaded\",function(){for(var e,t,s=l.querySelectorAll(\"iframe.wp-embedded-content\"),r=0;r<s.length;r++)(t=(e=s[r]).getAttribute(\"data-secret\"))||(t=Math.random().toString(36).substring(2,12),e.src+=\"#?secret=\"+t,e.setAttribute(\"data-secret\",t)),e.contentWindow.postMessage({message:\"ready\",secret:t},\"*\")},!1)))}(window,document);\n\/* ]]> *\/\n<\/script>\n","description":"Na Feira do Livro, de 16 a 18\/5, utilizaremos um sistema de venda de livros e produtos de alimenta\u00e7\u00e3o com cart\u00f5es magn\u00e9ticos que nos oferece duas op\u00e7\u00f5es: 1. Ativar e utilizar nossos pr\u00f3prios cart\u00f5es de acesso ao Col\u00e9gio (Para membros da comunidade escolar: alunos, familiares, professores e funcion\u00e1rios &#8211; sem custo de ativa\u00e7\u00e3o) 2. Adquirir [&hellip;]"}