{"version":"1.0","provider_name":"Feira do Livro","provider_url":"https:\/\/www.cmc.com.br\/feiradolivro2021","author_name":"Tatiana","author_url":"https:\/\/www.cmc.com.br\/feiradolivro2021\/author\/tatiana\/","title":"Nuestros mundos fant\u00e1sticos  -  5\u00baano EF - Feira do Livro","type":"rich","width":600,"height":338,"html":"<blockquote class=\"wp-embedded-content\" data-secret=\"k8wHpa0lT7\"><a href=\"https:\/\/www.cmc.com.br\/feiradolivro2021\/conteudos\/nuestros-mundos-fantasticos-4oano-ef\/\">Nuestros mundos fant\u00e1sticos   &#8211;   5\u00baano EF<\/a><\/blockquote><iframe sandbox=\"allow-scripts\" security=\"restricted\" src=\"https:\/\/www.cmc.com.br\/feiradolivro2021\/conteudos\/nuestros-mundos-fantasticos-4oano-ef\/embed\/#?secret=k8wHpa0lT7\" width=\"600\" height=\"338\" title=\"&#8220;Nuestros mundos fant\u00e1sticos   &#8211;   5\u00baano EF&#8221; &#8212; Feira do Livro\" data-secret=\"k8wHpa0lT7\" frameborder=\"0\" marginwidth=\"0\" marginheight=\"0\" scrolling=\"no\" class=\"wp-embedded-content\"><\/iframe><script type=\"text\/javascript\">\n\/* <![CDATA[ *\/\n\/*! This file is auto-generated *\/\n!function(d,l){\"use strict\";l.querySelector&&d.addEventListener&&\"undefined\"!=typeof URL&&(d.wp=d.wp||{},d.wp.receiveEmbedMessage||(d.wp.receiveEmbedMessage=function(e){var t=e.data;if((t||t.secret||t.message||t.value)&&!\/[^a-zA-Z0-9]\/.test(t.secret)){for(var s,r,n,a=l.querySelectorAll('iframe[data-secret=\"'+t.secret+'\"]'),o=l.querySelectorAll('blockquote[data-secret=\"'+t.secret+'\"]'),c=new RegExp(\"^https?:$\",\"i\"),i=0;i<o.length;i++)o[i].style.display=\"none\";for(i=0;i<a.length;i++)s=a[i],e.source===s.contentWindow&&(s.removeAttribute(\"style\"),\"height\"===t.message?(1e3<(r=parseInt(t.value,10))?r=1e3:~~r<200&&(r=200),s.height=r):\"link\"===t.message&&(r=new URL(s.getAttribute(\"src\")),n=new URL(t.value),c.test(n.protocol))&&n.host===r.host&&l.activeElement===s&&(d.top.location.href=t.value))}},d.addEventListener(\"message\",d.wp.receiveEmbedMessage,!1),l.addEventListener(\"DOMContentLoaded\",function(){for(var e,t,s=l.querySelectorAll(\"iframe.wp-embedded-content\"),r=0;r<s.length;r++)(t=(e=s[r]).getAttribute(\"data-secret\"))||(t=Math.random().toString(36).substring(2,12),e.src+=\"#?secret=\"+t,e.setAttribute(\"data-secret\",t)),e.contentWindow.postMessage({message:\"ready\",secret:t},\"*\")},!1)))}(window,document);\n\/* ]]> *\/\n<\/script>\n","description":"Nuestros mundos fant\u00e1sticos\u00a0\u2026\u00a0 En los momentos de crisis, s\u00f3lo la imaginaci\u00f3n es m\u00e1s importante que el conocimiento. Albert Einstein\u00a0 Para la Feria del Libro 2021,\u00a0los profesores de\u00a0Lengua Espa\u00f1ola\u00a0y de Artes\u00a0de quinto a\u00f1o decidimos continuar profundizando en el g\u00e9nero fant\u00e1stico, g\u00e9nero\u00a0que ya iniciamos en el cuarto curso con el libro\u00a0Princesas\u00a0Drag\u00f3n.\u00a0\u00a0 Para el curso actual,\u00a0hemos elegido dos [&hellip;]","thumbnail_url":"https:\/\/www.cmc.com.br\/feiradolivro2021\/wp-content\/uploads\/2021\/05\/h\u00e9roes-por-casualidad-221x300.jpg"}