{"version":"1.0","provider_name":"Feira do Livro","provider_url":"https:\/\/www.cmc.com.br\/feiradolivro2021","author_name":"Tatiana","author_url":"https:\/\/www.cmc.com.br\/feiradolivro2021\/author\/tatiana\/","title":"Padlets Sapiens - 2\u00ba ano de EM - Feira do Livro","type":"rich","width":600,"height":338,"html":"<blockquote class=\"wp-embedded-content\" data-secret=\"qvUUTLPxBu\"><a href=\"https:\/\/www.cmc.com.br\/feiradolivro2021\/conteudos\/padlets-sapiens-2o-ano-de-em\/\">Padlets Sapiens &#8211; 2\u00ba ano de EM<\/a><\/blockquote><iframe sandbox=\"allow-scripts\" security=\"restricted\" src=\"https:\/\/www.cmc.com.br\/feiradolivro2021\/conteudos\/padlets-sapiens-2o-ano-de-em\/embed\/#?secret=qvUUTLPxBu\" width=\"600\" height=\"338\" title=\"&#8220;Padlets Sapiens &#8211; 2\u00ba ano de EM&#8221; &#8212; Feira do Livro\" data-secret=\"qvUUTLPxBu\" frameborder=\"0\" marginwidth=\"0\" marginheight=\"0\" scrolling=\"no\" class=\"wp-embedded-content\"><\/iframe><script type=\"text\/javascript\">\n\/* <![CDATA[ *\/\n\/*! This file is auto-generated *\/\n!function(d,l){\"use strict\";l.querySelector&&d.addEventListener&&\"undefined\"!=typeof URL&&(d.wp=d.wp||{},d.wp.receiveEmbedMessage||(d.wp.receiveEmbedMessage=function(e){var t=e.data;if((t||t.secret||t.message||t.value)&&!\/[^a-zA-Z0-9]\/.test(t.secret)){for(var s,r,n,a=l.querySelectorAll('iframe[data-secret=\"'+t.secret+'\"]'),o=l.querySelectorAll('blockquote[data-secret=\"'+t.secret+'\"]'),c=new RegExp(\"^https?:$\",\"i\"),i=0;i<o.length;i++)o[i].style.display=\"none\";for(i=0;i<a.length;i++)s=a[i],e.source===s.contentWindow&&(s.removeAttribute(\"style\"),\"height\"===t.message?(1e3<(r=parseInt(t.value,10))?r=1e3:~~r<200&&(r=200),s.height=r):\"link\"===t.message&&(r=new URL(s.getAttribute(\"src\")),n=new URL(t.value),c.test(n.protocol))&&n.host===r.host&&l.activeElement===s&&(d.top.location.href=t.value))}},d.addEventListener(\"message\",d.wp.receiveEmbedMessage,!1),l.addEventListener(\"DOMContentLoaded\",function(){for(var e,t,s=l.querySelectorAll(\"iframe.wp-embedded-content\"),r=0;r<s.length;r++)(t=(e=s[r]).getAttribute(\"data-secret\"))||(t=Math.random().toString(36).substring(2,12),e.src+=\"#?secret=\"+t,e.setAttribute(\"data-secret\",t)),e.contentWindow.postMessage({message:\"ready\",secret:t},\"*\")},!1)))}(window,document);\n\/* ]]> *\/\n<\/script>\n","description":"Padlet Sapiens Obra adotada:\u00a0Sapiens. O nascimento da humanidade (HQ), de Yuval Noah Harari \u2013 Adaptado e ilustrado por David Vandermeulen e Daniel Casanave. \u00a0 Trabalho interdisciplinar, desenvolvido pelas disciplinas de Produ\u00e7\u00e3o de Textos (Turmas da professora Lilian Gorski) e Biologia (Professor Marcos Engelstein). Constru\u00e7\u00e3o de um Padlet para colabora\u00e7\u00e3o de impress\u00f5es de leituras em tempo [&hellip;]","thumbnail_url":"https:\/\/padlet.net\/embeds\/made_with_padlet.png"}