{"version":"1.0","provider_name":"Feira do Livro","provider_url":"https:\/\/www.cmc.com.br\/feiradolivro2021","author_name":"Tatiana","author_url":"https:\/\/www.cmc.com.br\/feiradolivro2021\/author\/tatiana\/","title":"Patr\u00edcia Auerbach - Feira do Livro","type":"rich","width":600,"height":338,"html":"<blockquote class=\"wp-embedded-content\" data-secret=\"OG12RTsx0j\"><a href=\"https:\/\/www.cmc.com.br\/feiradolivro2021\/conteudos\/patricia-auerbach\/\">Patr\u00edcia Auerbach<\/a><\/blockquote><iframe sandbox=\"allow-scripts\" security=\"restricted\" src=\"https:\/\/www.cmc.com.br\/feiradolivro2021\/conteudos\/patricia-auerbach\/embed\/#?secret=OG12RTsx0j\" width=\"600\" height=\"338\" title=\"&#8220;Patr\u00edcia Auerbach&#8221; &#8212; Feira do Livro\" data-secret=\"OG12RTsx0j\" frameborder=\"0\" marginwidth=\"0\" marginheight=\"0\" scrolling=\"no\" class=\"wp-embedded-content\"><\/iframe><script type=\"text\/javascript\">\n\/* <![CDATA[ *\/\n\/*! This file is auto-generated *\/\n!function(d,l){\"use strict\";l.querySelector&&d.addEventListener&&\"undefined\"!=typeof URL&&(d.wp=d.wp||{},d.wp.receiveEmbedMessage||(d.wp.receiveEmbedMessage=function(e){var t=e.data;if((t||t.secret||t.message||t.value)&&!\/[^a-zA-Z0-9]\/.test(t.secret)){for(var s,r,n,a=l.querySelectorAll('iframe[data-secret=\"'+t.secret+'\"]'),o=l.querySelectorAll('blockquote[data-secret=\"'+t.secret+'\"]'),c=new RegExp(\"^https?:$\",\"i\"),i=0;i<o.length;i++)o[i].style.display=\"none\";for(i=0;i<a.length;i++)s=a[i],e.source===s.contentWindow&&(s.removeAttribute(\"style\"),\"height\"===t.message?(1e3<(r=parseInt(t.value,10))?r=1e3:~~r<200&&(r=200),s.height=r):\"link\"===t.message&&(r=new URL(s.getAttribute(\"src\")),n=new URL(t.value),c.test(n.protocol))&&n.host===r.host&&l.activeElement===s&&(d.top.location.href=t.value))}},d.addEventListener(\"message\",d.wp.receiveEmbedMessage,!1),l.addEventListener(\"DOMContentLoaded\",function(){for(var e,t,s=l.querySelectorAll(\"iframe.wp-embedded-content\"),r=0;r<s.length;r++)(t=(e=s[r]).getAttribute(\"data-secret\"))||(t=Math.random().toString(36).substring(2,12),e.src+=\"#?secret=\"+t,e.setAttribute(\"data-secret\",t)),e.contentWindow.postMessage({message:\"ready\",secret:t},\"*\")},!1)))}(window,document);\n\/* ]]> *\/\n<\/script>\n","description":"Palestrante \u201cCampanha \u201cLeve hist\u00f3ria\u201d Dia 29 de maios das 10h15 \u00e0s 10h45 P\u00fablico: 1\u00ba, 2\u00ba e 3\u00ba EM \u2013 Patr\u00edcia Auerbach: https:\/\/bit.ly\/3bHSy8A &nbsp; Nasceu em S\u00e3o Paulo, em 1978. Se formou em arquitetura e trabalhou como diretora de arte, artista pl\u00e1stica e professora de hist\u00f3ria da arte. \u00c9 arte-educadora, escritora e ilustradora de livros para [&hellip;]","thumbnail_url":"https:\/\/www.cmc.com.br\/feiradolivro2021\/wp-content\/uploads\/2021\/05\/PATRICIA-AUERBACH-300x265.jpg"}