{"version":"1.0","provider_name":"Feira do Livro","provider_url":"https:\/\/www.cmc.com.br\/feiradolivro2021","author_name":"Tatiana","author_url":"https:\/\/www.cmc.com.br\/feiradolivro2021\/author\/tatiana\/","title":"Pen\u00e9lope Martins - Escritora convidada - Feira do Livro","type":"rich","width":600,"height":338,"html":"<blockquote class=\"wp-embedded-content\" data-secret=\"oO1puALg8B\"><a href=\"https:\/\/www.cmc.com.br\/feiradolivro2021\/conteudos\/penelope-martins\/\">Pen\u00e9lope Martins &#8211; Escritora convidada<\/a><\/blockquote><iframe sandbox=\"allow-scripts\" security=\"restricted\" src=\"https:\/\/www.cmc.com.br\/feiradolivro2021\/conteudos\/penelope-martins\/embed\/#?secret=oO1puALg8B\" width=\"600\" height=\"338\" title=\"&#8220;Pen\u00e9lope Martins &#8211; Escritora convidada&#8221; &#8212; Feira do Livro\" data-secret=\"oO1puALg8B\" frameborder=\"0\" marginwidth=\"0\" marginheight=\"0\" scrolling=\"no\" class=\"wp-embedded-content\"><\/iframe><script type=\"text\/javascript\">\n\/* <![CDATA[ *\/\n\/*! This file is auto-generated *\/\n!function(d,l){\"use strict\";l.querySelector&&d.addEventListener&&\"undefined\"!=typeof URL&&(d.wp=d.wp||{},d.wp.receiveEmbedMessage||(d.wp.receiveEmbedMessage=function(e){var t=e.data;if((t||t.secret||t.message||t.value)&&!\/[^a-zA-Z0-9]\/.test(t.secret)){for(var s,r,n,a=l.querySelectorAll('iframe[data-secret=\"'+t.secret+'\"]'),o=l.querySelectorAll('blockquote[data-secret=\"'+t.secret+'\"]'),c=new RegExp(\"^https?:$\",\"i\"),i=0;i<o.length;i++)o[i].style.display=\"none\";for(i=0;i<a.length;i++)s=a[i],e.source===s.contentWindow&&(s.removeAttribute(\"style\"),\"height\"===t.message?(1e3<(r=parseInt(t.value,10))?r=1e3:~~r<200&&(r=200),s.height=r):\"link\"===t.message&&(r=new URL(s.getAttribute(\"src\")),n=new URL(t.value),c.test(n.protocol))&&n.host===r.host&&l.activeElement===s&&(d.top.location.href=t.value))}},d.addEventListener(\"message\",d.wp.receiveEmbedMessage,!1),l.addEventListener(\"DOMContentLoaded\",function(){for(var e,t,s=l.querySelectorAll(\"iframe.wp-embedded-content\"),r=0;r<s.length;r++)(t=(e=s[r]).getAttribute(\"data-secret\"))||(t=Math.random().toString(36).substring(2,12),e.src+=\"#?secret=\"+t,e.setAttribute(\"data-secret\",t)),e.contentWindow.postMessage({message:\"ready\",secret:t},\"*\")},!1)))}(window,document);\n\/* ]]> *\/\n<\/script>\n","description":"Convidada para a Mesa de conversa \u201cConstru\u00e7\u00e3o de leitores em fam\u00edlia\u201d Dia 28\/05\u00a0 \u00e0s 19h30 no You Tube do Col\u00e9gio Miguel de Cervantes Acesse pelo link: https:\/\/www.youtube.com\/watch?v=SIwtYiG2r9M Aberta ao P\u00fablico \u00c9 escritora e narradora de hist\u00f3rias. Idealizadora do blog \u201cToda Hora Tem Hist\u00f3ria\u201d, ministra oficinas de media\u00e7\u00e3o de leitura e de escrita criativa \u00e9 articuladora [&hellip;]","thumbnail_url":"https:\/\/www.cmc.com.br\/feiradolivro2021\/wp-content\/uploads\/2021\/05\/PEN\u00c9LOPE-MARTINS-300x300.jpg"}