{"version":"1.0","provider_name":"Feira do Livro","provider_url":"https:\/\/www.cmc.com.br\/feiradolivro2022","author_name":"Tatiana","author_url":"https:\/\/www.cmc.com.br\/feiradolivro2022\/author\/tatiana\/","title":"6\u00ba EF - Actividad 28 de mayo -Reginaldo Prandi - Feira do Livro","type":"rich","width":600,"height":338,"html":"<blockquote class=\"wp-embedded-content\" data-secret=\"MHJDihuDgN\"><a href=\"https:\/\/www.cmc.com.br\/feiradolivro2022\/conteudos\/6o-ef-actividad-28-de-mayo-reginaldo-prandi\/\">6\u00ba EF &#8211; Actividad 28 de mayo -Reginaldo Prandi<\/a><\/blockquote><iframe sandbox=\"allow-scripts\" security=\"restricted\" src=\"https:\/\/www.cmc.com.br\/feiradolivro2022\/conteudos\/6o-ef-actividad-28-de-mayo-reginaldo-prandi\/embed\/#?secret=MHJDihuDgN\" width=\"600\" height=\"338\" title=\"&#8220;6\u00ba EF &#8211; Actividad 28 de mayo -Reginaldo Prandi&#8221; &#8212; Feira do Livro\" data-secret=\"MHJDihuDgN\" frameborder=\"0\" marginwidth=\"0\" marginheight=\"0\" scrolling=\"no\" class=\"wp-embedded-content\"><\/iframe><script type=\"text\/javascript\">\n\/* <![CDATA[ *\/\n\/*! This file is auto-generated *\/\n!function(d,l){\"use strict\";l.querySelector&&d.addEventListener&&\"undefined\"!=typeof URL&&(d.wp=d.wp||{},d.wp.receiveEmbedMessage||(d.wp.receiveEmbedMessage=function(e){var t=e.data;if((t||t.secret||t.message||t.value)&&!\/[^a-zA-Z0-9]\/.test(t.secret)){for(var s,r,n,a=l.querySelectorAll('iframe[data-secret=\"'+t.secret+'\"]'),o=l.querySelectorAll('blockquote[data-secret=\"'+t.secret+'\"]'),c=new RegExp(\"^https?:$\",\"i\"),i=0;i<o.length;i++)o[i].style.display=\"none\";for(i=0;i<a.length;i++)s=a[i],e.source===s.contentWindow&&(s.removeAttribute(\"style\"),\"height\"===t.message?(1e3<(r=parseInt(t.value,10))?r=1e3:~~r<200&&(r=200),s.height=r):\"link\"===t.message&&(r=new URL(s.getAttribute(\"src\")),n=new URL(t.value),c.test(n.protocol))&&n.host===r.host&&l.activeElement===s&&(d.top.location.href=t.value))}},d.addEventListener(\"message\",d.wp.receiveEmbedMessage,!1),l.addEventListener(\"DOMContentLoaded\",function(){for(var e,t,s=l.querySelectorAll(\"iframe.wp-embedded-content\"),r=0;r<s.length;r++)(t=(e=s[r]).getAttribute(\"data-secret\"))||(t=Math.random().toString(36).substring(2,12),e.src+=\"#?secret=\"+t,e.setAttribute(\"data-secret\",t)),e.contentWindow.postMessage({message:\"ready\",secret:t},\"*\")},!1)))}(window,document);\n\/* ]]> *\/\n<\/script>\n","description":"Vea en\u00a0FOTOS\u00a0(imagen de la c\u00e1mara de fotos al lado) las fotos de la actuaci\u00f3n \u00a0musical de los alumnos de 6\u00ba curso, la entrevista con Reginaldo Prandi \u00a0 sobre la obra Minha querida assombra\u00e7\u00e3o. Adem\u00e1s de los alumnos de 6\u00ba curso del Colegio participaron del encuentro los alumnos del Cervantes Solidario. &nbsp;","thumbnail_url":"https:\/\/www.cmc.com.br\/feiradolivro2022\/wp-content\/uploads\/2022\/06\/DSC_0585-copiar-300x200.jpg"}