{"version":"1.0","provider_name":"Feira do Livro","provider_url":"https:\/\/www.cmc.com.br\/feiradolivro2022","author_name":"Tatiana","author_url":"https:\/\/www.cmc.com.br\/feiradolivro2022\/author\/tatiana\/","title":"8\u00ba EF - Encuentro con Ubirat\u00e3 Souza - Feira do Livro","type":"rich","width":600,"height":338,"html":"<blockquote class=\"wp-embedded-content\" data-secret=\"vi5o6USr2t\"><a href=\"https:\/\/www.cmc.com.br\/feiradolivro2022\/conteudos\/8o-ef-encuentro-con-ubirata-souza\/\">8\u00ba EF &#8211; Encuentro con Ubirat\u00e3 Souza<\/a><\/blockquote><iframe sandbox=\"allow-scripts\" security=\"restricted\" src=\"https:\/\/www.cmc.com.br\/feiradolivro2022\/conteudos\/8o-ef-encuentro-con-ubirata-souza\/embed\/#?secret=vi5o6USr2t\" width=\"600\" height=\"338\" title=\"&#8220;8\u00ba EF &#8211; Encuentro con Ubirat\u00e3 Souza&#8221; &#8212; Feira do Livro\" data-secret=\"vi5o6USr2t\" frameborder=\"0\" marginwidth=\"0\" marginheight=\"0\" scrolling=\"no\" class=\"wp-embedded-content\"><\/iframe><script type=\"text\/javascript\">\n\/* <![CDATA[ *\/\n\/*! This file is auto-generated *\/\n!function(d,l){\"use strict\";l.querySelector&&d.addEventListener&&\"undefined\"!=typeof URL&&(d.wp=d.wp||{},d.wp.receiveEmbedMessage||(d.wp.receiveEmbedMessage=function(e){var t=e.data;if((t||t.secret||t.message||t.value)&&!\/[^a-zA-Z0-9]\/.test(t.secret)){for(var s,r,n,a=l.querySelectorAll('iframe[data-secret=\"'+t.secret+'\"]'),o=l.querySelectorAll('blockquote[data-secret=\"'+t.secret+'\"]'),c=new RegExp(\"^https?:$\",\"i\"),i=0;i<o.length;i++)o[i].style.display=\"none\";for(i=0;i<a.length;i++)s=a[i],e.source===s.contentWindow&&(s.removeAttribute(\"style\"),\"height\"===t.message?(1e3<(r=parseInt(t.value,10))?r=1e3:~~r<200&&(r=200),s.height=r):\"link\"===t.message&&(r=new URL(s.getAttribute(\"src\")),n=new URL(t.value),c.test(n.protocol))&&n.host===r.host&&l.activeElement===s&&(d.top.location.href=t.value))}},d.addEventListener(\"message\",d.wp.receiveEmbedMessage,!1),l.addEventListener(\"DOMContentLoaded\",function(){for(var e,t,s=l.querySelectorAll(\"iframe.wp-embedded-content\"),r=0;r<s.length;r++)(t=(e=s[r]).getAttribute(\"data-secret\"))||(t=Math.random().toString(36).substring(2,12),e.src+=\"#?secret=\"+t,e.setAttribute(\"data-secret\",t)),e.contentWindow.postMessage({message:\"ready\",secret:t},\"*\")},!1)))}(window,document);\n\/* ]]> *\/\n<\/script>\n","description":"A vida no c\u00e9u, una novela dist\u00f3pica del autor Jos\u00e9 Eduardo Agualusa Por: Rodolfo Bonventi | 27 de mayo de 2022. El profesor Ubirat\u00e3 Souza, estudiante de postgrado en Literaturas Africanas de Lengua Portuguesa, fue una de las atracciones de la 38\u00aa Feria del Libro, el 27 de mayo, con una conversaci\u00f3n con los alumnos [&hellip;]","thumbnail_url":"https:\/\/www.cmc.com.br\/feiradolivro2022\/wp-content\/uploads\/2022\/06\/Ubirata-4-copiar-300x200.jpg"}