{"version":"1.0","provider_name":"Feira do Livro","provider_url":"https:\/\/www.cmc.com.br\/feiradolivro2023","author_name":"Matheus","author_url":"https:\/\/www.cmc.com.br\/feiradolivro2023\/author\/matheus\/","title":"Carlos Renn\u00f3 - Feira do Livro","type":"rich","width":600,"height":338,"html":"<blockquote class=\"wp-embedded-content\" data-secret=\"wpVXupO271\"><a href=\"https:\/\/www.cmc.com.br\/feiradolivro2023\/conteudos\/carlos-renno\/\">Carlos Renn\u00f3<\/a><\/blockquote><iframe sandbox=\"allow-scripts\" security=\"restricted\" src=\"https:\/\/www.cmc.com.br\/feiradolivro2023\/conteudos\/carlos-renno\/embed\/#?secret=wpVXupO271\" width=\"600\" height=\"338\" title=\"&#8220;Carlos Renn\u00f3&#8221; &#8212; Feira do Livro\" data-secret=\"wpVXupO271\" frameborder=\"0\" marginwidth=\"0\" marginheight=\"0\" scrolling=\"no\" class=\"wp-embedded-content\"><\/iframe><script type=\"text\/javascript\">\n\/* <![CDATA[ *\/\n\/*! This file is auto-generated *\/\n!function(d,l){\"use strict\";l.querySelector&&d.addEventListener&&\"undefined\"!=typeof URL&&(d.wp=d.wp||{},d.wp.receiveEmbedMessage||(d.wp.receiveEmbedMessage=function(e){var t=e.data;if((t||t.secret||t.message||t.value)&&!\/[^a-zA-Z0-9]\/.test(t.secret)){for(var s,r,n,a=l.querySelectorAll('iframe[data-secret=\"'+t.secret+'\"]'),o=l.querySelectorAll('blockquote[data-secret=\"'+t.secret+'\"]'),c=new RegExp(\"^https?:$\",\"i\"),i=0;i<o.length;i++)o[i].style.display=\"none\";for(i=0;i<a.length;i++)s=a[i],e.source===s.contentWindow&&(s.removeAttribute(\"style\"),\"height\"===t.message?(1e3<(r=parseInt(t.value,10))?r=1e3:~~r<200&&(r=200),s.height=r):\"link\"===t.message&&(r=new URL(s.getAttribute(\"src\")),n=new URL(t.value),c.test(n.protocol))&&n.host===r.host&&l.activeElement===s&&(d.top.location.href=t.value))}},d.addEventListener(\"message\",d.wp.receiveEmbedMessage,!1),l.addEventListener(\"DOMContentLoaded\",function(){for(var e,t,s=l.querySelectorAll(\"iframe.wp-embedded-content\"),r=0;r<s.length;r++)(t=(e=s[r]).getAttribute(\"data-secret\"))||(t=Math.random().toString(36).substring(2,12),e.src+=\"#?secret=\"+t,e.setAttribute(\"data-secret\",t)),e.contentWindow.postMessage({message:\"ready\",secret:t},\"*\")},!1)))}(window,document);\n\/* ]]> *\/\n<\/script>\n","description":"Nasceu em S\u00e3o Jos\u00e9 dos Campos, SP, em 1956. \u00c9 letrista de m\u00fasica, produtor art\u00edstico e jornalista. Seus primeiros parceiros mais importantes foram Tet\u00ea Esp\u00edndola e Arrigo Barnab\u00e9, na fase da vanguarda paulistana, no in\u00edcio dos anos 80. Na voz de Tet\u00ea, a sua can\u00e7\u00e3o Escrito nas estrelas, composta com Arnaldo Black, venceu o Festival [&hellip;]","thumbnail_url":"https:\/\/www.cmc.com.br\/feiradolivro2023\/wp-content\/uploads\/2023\/05\/Carlos-Renno.jpg"}