{"version":"1.0","provider_name":"Feira do Livro","provider_url":"https:\/\/www.cmc.com.br\/feiradolivro2023","author_name":"Tatiana","author_url":"https:\/\/www.cmc.com.br\/feiradolivro2023\/author\/tatiana\/","title":"Charla con escritor C\u00e9sar Mallorqu\u00ed - Feira do Livro","type":"rich","width":600,"height":338,"html":"<blockquote class=\"wp-embedded-content\" data-secret=\"DVb34FWUaL\"><a href=\"https:\/\/www.cmc.com.br\/feiradolivro2023\/conteudos\/charla-con-escritor-cesar-mallorqui\/\">Charla con escritor C\u00e9sar Mallorqu\u00ed<\/a><\/blockquote><iframe sandbox=\"allow-scripts\" security=\"restricted\" src=\"https:\/\/www.cmc.com.br\/feiradolivro2023\/conteudos\/charla-con-escritor-cesar-mallorqui\/embed\/#?secret=DVb34FWUaL\" width=\"600\" height=\"338\" title=\"&#8220;Charla con escritor C\u00e9sar Mallorqu\u00ed&#8221; &#8212; Feira do Livro\" data-secret=\"DVb34FWUaL\" frameborder=\"0\" marginwidth=\"0\" marginheight=\"0\" scrolling=\"no\" class=\"wp-embedded-content\"><\/iframe><script type=\"text\/javascript\">\n\/* <![CDATA[ *\/\n\/*! This file is auto-generated *\/\n!function(d,l){\"use strict\";l.querySelector&&d.addEventListener&&\"undefined\"!=typeof URL&&(d.wp=d.wp||{},d.wp.receiveEmbedMessage||(d.wp.receiveEmbedMessage=function(e){var t=e.data;if((t||t.secret||t.message||t.value)&&!\/[^a-zA-Z0-9]\/.test(t.secret)){for(var s,r,n,a=l.querySelectorAll('iframe[data-secret=\"'+t.secret+'\"]'),o=l.querySelectorAll('blockquote[data-secret=\"'+t.secret+'\"]'),c=new RegExp(\"^https?:$\",\"i\"),i=0;i<o.length;i++)o[i].style.display=\"none\";for(i=0;i<a.length;i++)s=a[i],e.source===s.contentWindow&&(s.removeAttribute(\"style\"),\"height\"===t.message?(1e3<(r=parseInt(t.value,10))?r=1e3:~~r<200&&(r=200),s.height=r):\"link\"===t.message&&(r=new URL(s.getAttribute(\"src\")),n=new URL(t.value),c.test(n.protocol))&&n.host===r.host&&l.activeElement===s&&(d.top.location.href=t.value))}},d.addEventListener(\"message\",d.wp.receiveEmbedMessage,!1),l.addEventListener(\"DOMContentLoaded\",function(){for(var e,t,s=l.querySelectorAll(\"iframe.wp-embedded-content\"),r=0;r<s.length;r++)(t=(e=s[r]).getAttribute(\"data-secret\"))||(t=Math.random().toString(36).substring(2,12),e.src+=\"#?secret=\"+t,e.setAttribute(\"data-secret\",t)),e.contentWindow.postMessage({message:\"ready\",secret:t},\"*\")},!1)))}(window,document);\n\/* ]]> *\/\n<\/script>\n","description":"Por: Marcial Izquierdo Blanco Dentro de la semana de la \u201cFeria del Libro\u201d, el 25 de mayo, los alumnos de 9\u00ba curso tuvieron el privilegio de charlar con el novelista espa\u00f1ol C\u00e9sar Mallorqu\u00ed. Fue un encuentro a trav\u00e9s de la plataforma \u201cTeams\u201d, ya que el autor habl\u00f3 desde su casa de Madrid. Los chicos pudieron [&hellip;]","thumbnail_url":"https:\/\/www.cmc.com.br\/feiradolivro2023\/wp-content\/uploads\/2023\/06\/Mallorqui-F-3-copiar-300x200.jpg"}