{"version":"1.0","provider_name":"Feira do Livro","provider_url":"https:\/\/www.cmc.com.br\/feiradolivro2024","author_name":"Tatiana","author_url":"https:\/\/www.cmc.com.br\/feiradolivro2024\/author\/tatiana\/","title":"40\u00aa edici\u00f3n de la Feria del Libro - Biblioteca - Feira do Livro","type":"rich","width":600,"height":338,"html":"<blockquote class=\"wp-embedded-content\" data-secret=\"nNRPReqsbr\"><a href=\"https:\/\/www.cmc.com.br\/feiradolivro2024\/conteudos\/40a-edicion-de-la-feria-del-libro-biblioteca\/\">40\u00aa edici\u00f3n de la Feria del Libro &#8211; Biblioteca<\/a><\/blockquote><iframe sandbox=\"allow-scripts\" security=\"restricted\" src=\"https:\/\/www.cmc.com.br\/feiradolivro2024\/conteudos\/40a-edicion-de-la-feria-del-libro-biblioteca\/embed\/#?secret=nNRPReqsbr\" width=\"600\" height=\"338\" title=\"&#8220;40\u00aa edici\u00f3n de la Feria del Libro &#8211; Biblioteca&#8221; &#8212; Feira do Livro\" data-secret=\"nNRPReqsbr\" frameborder=\"0\" marginwidth=\"0\" marginheight=\"0\" scrolling=\"no\" class=\"wp-embedded-content\"><\/iframe><script type=\"text\/javascript\">\n\/* <![CDATA[ *\/\n\/*! This file is auto-generated *\/\n!function(d,l){\"use strict\";l.querySelector&&d.addEventListener&&\"undefined\"!=typeof URL&&(d.wp=d.wp||{},d.wp.receiveEmbedMessage||(d.wp.receiveEmbedMessage=function(e){var t=e.data;if((t||t.secret||t.message||t.value)&&!\/[^a-zA-Z0-9]\/.test(t.secret)){for(var s,r,n,a=l.querySelectorAll('iframe[data-secret=\"'+t.secret+'\"]'),o=l.querySelectorAll('blockquote[data-secret=\"'+t.secret+'\"]'),c=new RegExp(\"^https?:$\",\"i\"),i=0;i<o.length;i++)o[i].style.display=\"none\";for(i=0;i<a.length;i++)s=a[i],e.source===s.contentWindow&&(s.removeAttribute(\"style\"),\"height\"===t.message?(1e3<(r=parseInt(t.value,10))?r=1e3:~~r<200&&(r=200),s.height=r):\"link\"===t.message&&(r=new URL(s.getAttribute(\"src\")),n=new URL(t.value),c.test(n.protocol))&&n.host===r.host&&l.activeElement===s&&(d.top.location.href=t.value))}},d.addEventListener(\"message\",d.wp.receiveEmbedMessage,!1),l.addEventListener(\"DOMContentLoaded\",function(){for(var e,t,s=l.querySelectorAll(\"iframe.wp-embedded-content\"),r=0;r<s.length;r++)(t=(e=s[r]).getAttribute(\"data-secret\"))||(t=Math.random().toString(36).substring(2,12),e.src+=\"#?secret=\"+t,e.setAttribute(\"data-secret\",t)),e.contentWindow.postMessage({message:\"ready\",secret:t},\"*\")},!1)))}(window,document);\n\/* ]]> *\/\n<\/script>\n","description":"Este a\u00f1o celebramos la 40\u00aa edici\u00f3n de la Feria del Libro del Colegio Miguel de Cervantes, con el t\u00edtulo \u201cCultivoLiterario: producci\u00f3n y consumo sostenible de literatura\u201d. Un t\u00edtulo largo, acu\u00f1ado para provocar una reflexi\u00f3n sobre el vasto recorrido del Colegio en pro de la literatura. Cultivo, t\u00e9rmino cuyo verdadero significado es \u201cplantar con cuidado especial\u201d, [&hellip;]"}