{"version":"1.0","provider_name":"Feira do Livro","provider_url":"https:\/\/www.cmc.com.br\/feiradolivro2024","author_name":"admin","author_url":"https:\/\/www.cmc.com.br\/feiradolivro2024\/author\/admin\/","title":"Discusi\u00f3n del libro Super Ulisses: 6.\u00ba curso y C\u00e1ritas Santa Suzana - Feira do Livro","type":"rich","width":600,"height":338,"html":"<blockquote class=\"wp-embedded-content\" data-secret=\"GrAdIGVR5p\"><a href=\"https:\/\/www.cmc.com.br\/feiradolivro2024\/conteudos\/encontro-com-alunos-da-caritas-6o-ano-efii\/\">Discusi\u00f3n del libro Super Ulisses: 6.\u00ba curso y C\u00e1ritas Santa Suzana<\/a><\/blockquote><iframe sandbox=\"allow-scripts\" security=\"restricted\" src=\"https:\/\/www.cmc.com.br\/feiradolivro2024\/conteudos\/encontro-com-alunos-da-caritas-6o-ano-efii\/embed\/#?secret=GrAdIGVR5p\" width=\"600\" height=\"338\" title=\"&#8220;Discusi\u00f3n del libro Super Ulisses: 6.\u00ba curso y C\u00e1ritas Santa Suzana&#8221; &#8212; Feira do Livro\" data-secret=\"GrAdIGVR5p\" frameborder=\"0\" marginwidth=\"0\" marginheight=\"0\" scrolling=\"no\" class=\"wp-embedded-content\"><\/iframe><script type=\"text\/javascript\">\n\/* <![CDATA[ *\/\n\/*! This file is auto-generated *\/\n!function(d,l){\"use strict\";l.querySelector&&d.addEventListener&&\"undefined\"!=typeof URL&&(d.wp=d.wp||{},d.wp.receiveEmbedMessage||(d.wp.receiveEmbedMessage=function(e){var t=e.data;if((t||t.secret||t.message||t.value)&&!\/[^a-zA-Z0-9]\/.test(t.secret)){for(var s,r,n,a=l.querySelectorAll('iframe[data-secret=\"'+t.secret+'\"]'),o=l.querySelectorAll('blockquote[data-secret=\"'+t.secret+'\"]'),c=new RegExp(\"^https?:$\",\"i\"),i=0;i<o.length;i++)o[i].style.display=\"none\";for(i=0;i<a.length;i++)s=a[i],e.source===s.contentWindow&&(s.removeAttribute(\"style\"),\"height\"===t.message?(1e3<(r=parseInt(t.value,10))?r=1e3:~~r<200&&(r=200),s.height=r):\"link\"===t.message&&(r=new URL(s.getAttribute(\"src\")),n=new URL(t.value),c.test(n.protocol))&&n.host===r.host&&l.activeElement===s&&(d.top.location.href=t.value))}},d.addEventListener(\"message\",d.wp.receiveEmbedMessage,!1),l.addEventListener(\"DOMContentLoaded\",function(){for(var e,t,s=l.querySelectorAll(\"iframe.wp-embedded-content\"),r=0;r<s.length;r++)(t=(e=s[r]).getAttribute(\"data-secret\"))||(t=Math.random().toString(36).substring(2,12),e.src+=\"#?secret=\"+t,e.setAttribute(\"data-secret\",t)),e.contentWindow.postMessage({message:\"ready\",secret:t},\"*\")},!1)))}(window,document);\n\/* ]]> *\/\n<\/script>\n","description":"Encontro entre alunos: leitura e discuss\u00e3o do livro Super-Ulisses No dia 17 de maio, os alunos da ONG C\u00e1ritas Santa Suzana, parceiros no Programa social Cervantes Solid\u00e1rio, acompanhados da professora Alexandra Onias, participaram de um encontro com os estudantes do 6\u00ba ano do Col\u00e9gio na aula de Produ\u00e7\u00e3o de Texto. A disciplina \u00e9 lecionada pela [&hellip;]","thumbnail_url":"https:\/\/www.cmc.com.br\/feiradolivro2024\/wp-content\/uploads\/2024\/05\/2024_Encontro_Caritas-1-300x200.jpg"}