{"version":"1.0","provider_name":"Feira do Livro","provider_url":"https:\/\/www.cmc.com.br\/feiradolivro2024","author_name":"admin","author_url":"https:\/\/www.cmc.com.br\/feiradolivro2024\/author\/admin\/","title":"Fabi\u00e1n Severo Charla con profesores - Feira do Livro","type":"rich","width":600,"height":338,"html":"<blockquote class=\"wp-embedded-content\" data-secret=\"ASr0CMsKeJ\"><a href=\"https:\/\/www.cmc.com.br\/feiradolivro2024\/conteudos\/fabian-severo-charla-con-profesores\/\">Fabi\u00e1n Severo Charla con profesores<\/a><\/blockquote><iframe sandbox=\"allow-scripts\" security=\"restricted\" src=\"https:\/\/www.cmc.com.br\/feiradolivro2024\/conteudos\/fabian-severo-charla-con-profesores\/embed\/#?secret=ASr0CMsKeJ\" width=\"600\" height=\"338\" title=\"&#8220;Fabi\u00e1n Severo Charla con profesores&#8221; &#8212; Feira do Livro\" data-secret=\"ASr0CMsKeJ\" frameborder=\"0\" marginwidth=\"0\" marginheight=\"0\" scrolling=\"no\" class=\"wp-embedded-content\"><\/iframe><script type=\"text\/javascript\">\n\/* <![CDATA[ *\/\n\/*! This file is auto-generated *\/\n!function(d,l){\"use strict\";l.querySelector&&d.addEventListener&&\"undefined\"!=typeof URL&&(d.wp=d.wp||{},d.wp.receiveEmbedMessage||(d.wp.receiveEmbedMessage=function(e){var t=e.data;if((t||t.secret||t.message||t.value)&&!\/[^a-zA-Z0-9]\/.test(t.secret)){for(var s,r,n,a=l.querySelectorAll('iframe[data-secret=\"'+t.secret+'\"]'),o=l.querySelectorAll('blockquote[data-secret=\"'+t.secret+'\"]'),c=new RegExp(\"^https?:$\",\"i\"),i=0;i<o.length;i++)o[i].style.display=\"none\";for(i=0;i<a.length;i++)s=a[i],e.source===s.contentWindow&&(s.removeAttribute(\"style\"),\"height\"===t.message?(1e3<(r=parseInt(t.value,10))?r=1e3:~~r<200&&(r=200),s.height=r):\"link\"===t.message&&(r=new URL(s.getAttribute(\"src\")),n=new URL(t.value),c.test(n.protocol))&&n.host===r.host&&l.activeElement===s&&(d.top.location.href=t.value))}},d.addEventListener(\"message\",d.wp.receiveEmbedMessage,!1),l.addEventListener(\"DOMContentLoaded\",function(){for(var e,t,s=l.querySelectorAll(\"iframe.wp-embedded-content\"),r=0;r<s.length;r++)(t=(e=s[r]).getAttribute(\"data-secret\"))||(t=Math.random().toString(36).substring(2,12),e.src+=\"#?secret=\"+t,e.setAttribute(\"data-secret\",t)),e.contentWindow.postMessage({message:\"ready\",secret:t},\"*\")},!1)))}(window,document);\n\/* ]]> *\/\n<\/script>\n","description":"Abecedario po\u00e9tico: Taller creativo de literatura en el aula\u00a0 Por: Tatiana Maria de Paula Silva\u00a0 El jueves 23 de mayo, los docentes del Colegio participaron en una charla con el escritor uruguayo Fabi\u00e1n Severo, con el t\u00edtulo de Metodolog\u00eda de taller aplicada al aula de Lengua y Literatura. El autor present\u00f3 como base de la [&hellip;]","thumbnail_url":"https:\/\/www.cmc.com.br\/feiradolivro2024\/wp-content\/uploads\/2024\/05\/IMG_4224-copiar-150x150.jpg"}