{"version":"1.0","provider_name":"Feira do Livro","provider_url":"https:\/\/www.cmc.com.br\/feiradolivro2025","author_name":"Ruan","author_url":"https:\/\/www.cmc.com.br\/feiradolivro2025\/author\/ruan\/","title":"A Sopa Est\u00e1 Pronta - Infantil 3 - Feira do Livro","type":"rich","width":600,"height":338,"html":"<blockquote class=\"wp-embedded-content\" data-secret=\"eRMGPyVHAN\"><a href=\"https:\/\/www.cmc.com.br\/feiradolivro2025\/conteudos\/a-sopa-esta-pronta-infantil-3\/\">A Sopa Est\u00e1 Pronta &#8211; Infantil 3<\/a><\/blockquote><iframe sandbox=\"allow-scripts\" security=\"restricted\" src=\"https:\/\/www.cmc.com.br\/feiradolivro2025\/conteudos\/a-sopa-esta-pronta-infantil-3\/embed\/#?secret=eRMGPyVHAN\" width=\"600\" height=\"338\" title=\"&#8220;A Sopa Est\u00e1 Pronta &#8211; Infantil 3&#8221; &#8212; Feira do Livro\" data-secret=\"eRMGPyVHAN\" frameborder=\"0\" marginwidth=\"0\" marginheight=\"0\" scrolling=\"no\" class=\"wp-embedded-content\"><\/iframe><script type=\"text\/javascript\">\n\/* <![CDATA[ *\/\n\/*! This file is auto-generated *\/\n!function(d,l){\"use strict\";l.querySelector&&d.addEventListener&&\"undefined\"!=typeof URL&&(d.wp=d.wp||{},d.wp.receiveEmbedMessage||(d.wp.receiveEmbedMessage=function(e){var t=e.data;if((t||t.secret||t.message||t.value)&&!\/[^a-zA-Z0-9]\/.test(t.secret)){for(var s,r,n,a=l.querySelectorAll('iframe[data-secret=\"'+t.secret+'\"]'),o=l.querySelectorAll('blockquote[data-secret=\"'+t.secret+'\"]'),c=new RegExp(\"^https?:$\",\"i\"),i=0;i<o.length;i++)o[i].style.display=\"none\";for(i=0;i<a.length;i++)s=a[i],e.source===s.contentWindow&&(s.removeAttribute(\"style\"),\"height\"===t.message?(1e3<(r=parseInt(t.value,10))?r=1e3:~~r<200&&(r=200),s.height=r):\"link\"===t.message&&(r=new URL(s.getAttribute(\"src\")),n=new URL(t.value),c.test(n.protocol))&&n.host===r.host&&l.activeElement===s&&(d.top.location.href=t.value))}},d.addEventListener(\"message\",d.wp.receiveEmbedMessage,!1),l.addEventListener(\"DOMContentLoaded\",function(){for(var e,t,s=l.querySelectorAll(\"iframe.wp-embedded-content\"),r=0;r<s.length;r++)(t=(e=s[r]).getAttribute(\"data-secret\"))||(t=Math.random().toString(36).substring(2,12),e.src+=\"#?secret=\"+t,e.setAttribute(\"data-secret\",t)),e.contentWindow.postMessage({message:\"ready\",secret:t},\"*\")},!1)))}(window,document);\n\/* ]]> *\/\n<\/script>\n","description":"A Sopa Est\u00e1 Pronta! \u2013 Um convite \u00e0 imagina\u00e7\u00e3o, aos sentidos e \u00e0 conviv\u00eancia Professoras do Infantil 3: Sabrina Capella e D\u00e9bora Prado Texto: D\u00e9bora Prado e Sabrina Capella Na edi\u00e7\u00e3o deste ano da Feira do Livro, o Infantil 3 mergulhou no universo acolhedor e simb\u00f3lico da obra A Sopa Est\u00e1 Pronta! \u2013 uma hist\u00f3ria [&hellip;]","thumbnail_url":"https:\/\/www.cmc.com.br\/feiradolivro2025\/wp-content\/uploads\/2025\/05\/2025_Feira_do_Livro_Infantil_3-300x200.jpg"}