{"version":"1.0","provider_name":"Feira do Livro","provider_url":"https:\/\/www.cmc.com.br\/feiradolivro2025","author_name":"Ruan","author_url":"https:\/\/www.cmc.com.br\/feiradolivro2025\/author\/ruan\/","title":"Concha Buika - Espa\u00f1ol del 8.\u00ba curso EF - Feira do Livro","type":"rich","width":600,"height":338,"html":"<blockquote class=\"wp-embedded-content\" data-secret=\"b1EB20FzYZ\"><a href=\"https:\/\/www.cmc.com.br\/feiradolivro2025\/conteudos\/concha-buika-espanol-del-8-o-curso-ef\/\">Concha Buika &#8211; Espa\u00f1ol del 8.\u00ba curso EF<\/a><\/blockquote><iframe sandbox=\"allow-scripts\" security=\"restricted\" src=\"https:\/\/www.cmc.com.br\/feiradolivro2025\/conteudos\/concha-buika-espanol-del-8-o-curso-ef\/embed\/#?secret=b1EB20FzYZ\" width=\"600\" height=\"338\" title=\"&#8220;Concha Buika &#8211; Espa\u00f1ol del 8.\u00ba curso EF&#8221; &#8212; Feira do Livro\" data-secret=\"b1EB20FzYZ\" frameborder=\"0\" marginwidth=\"0\" marginheight=\"0\" scrolling=\"no\" class=\"wp-embedded-content\"><\/iframe><script type=\"text\/javascript\">\n\/* <![CDATA[ *\/\n\/*! This file is auto-generated *\/\n!function(d,l){\"use strict\";l.querySelector&&d.addEventListener&&\"undefined\"!=typeof URL&&(d.wp=d.wp||{},d.wp.receiveEmbedMessage||(d.wp.receiveEmbedMessage=function(e){var t=e.data;if((t||t.secret||t.message||t.value)&&!\/[^a-zA-Z0-9]\/.test(t.secret)){for(var s,r,n,a=l.querySelectorAll('iframe[data-secret=\"'+t.secret+'\"]'),o=l.querySelectorAll('blockquote[data-secret=\"'+t.secret+'\"]'),c=new RegExp(\"^https?:$\",\"i\"),i=0;i<o.length;i++)o[i].style.display=\"none\";for(i=0;i<a.length;i++)s=a[i],e.source===s.contentWindow&&(s.removeAttribute(\"style\"),\"height\"===t.message?(1e3<(r=parseInt(t.value,10))?r=1e3:~~r<200&&(r=200),s.height=r):\"link\"===t.message&&(r=new URL(s.getAttribute(\"src\")),n=new URL(t.value),c.test(n.protocol))&&n.host===r.host&&l.activeElement===s&&(d.top.location.href=t.value))}},d.addEventListener(\"message\",d.wp.receiveEmbedMessage,!1),l.addEventListener(\"DOMContentLoaded\",function(){for(var e,t,s=l.querySelectorAll(\"iframe.wp-embedded-content\"),r=0;r<s.length;r++)(t=(e=s[r]).getAttribute(\"data-secret\"))||(t=Math.random().toString(36).substring(2,12),e.src+=\"#?secret=\"+t,e.setAttribute(\"data-secret\",t)),e.contentWindow.postMessage({message:\"ready\",secret:t},\"*\")},!1)))}(window,document);\n\/* ]]> *\/\n<\/script>\n","description":"CONCHA BUIKA\u00a0 Por: Rosal\u00eda Belen Fern\u00e1ndez L\u00f3pes y Andrea Moreno Nicolaus Concha Buika es una cantante, poeta y compositora espa\u00f1ola de origen ecuatoguineano cuya obra refleja la riqueza de sus ra\u00edces africanas y su identidad como mujer negra en Espa\u00f1a. Su producci\u00f3n musical fusiona flamenco, jazz, soul y ritmos africanos, creando un estilo \u00fanico y [&hellip;]"}