{"version":"1.0","provider_name":"Feira do Livro","provider_url":"https:\/\/www.cmc.com.br\/feiradolivro2025","author_name":"Ruan","author_url":"https:\/\/www.cmc.com.br\/feiradolivro2025\/author\/ruan\/","title":"Ivo Bonfiglioli - Aut\u00f3grafos - Feira do Livro","type":"rich","width":600,"height":338,"html":"<blockquote class=\"wp-embedded-content\" data-secret=\"kXFtAxnny1\"><a href=\"https:\/\/www.cmc.com.br\/feiradolivro2025\/conteudos\/ivo-bonfiglioli\/\">Ivo Bonfiglioli &#8211; Aut\u00f3grafos<\/a><\/blockquote><iframe sandbox=\"allow-scripts\" security=\"restricted\" src=\"https:\/\/www.cmc.com.br\/feiradolivro2025\/conteudos\/ivo-bonfiglioli\/embed\/#?secret=kXFtAxnny1\" width=\"600\" height=\"338\" title=\"&#8220;Ivo Bonfiglioli &#8211; Aut\u00f3grafos&#8221; &#8212; Feira do Livro\" data-secret=\"kXFtAxnny1\" frameborder=\"0\" marginwidth=\"0\" marginheight=\"0\" scrolling=\"no\" class=\"wp-embedded-content\"><\/iframe><script type=\"text\/javascript\">\n\/* <![CDATA[ *\/\n\/*! This file is auto-generated *\/\n!function(d,l){\"use strict\";l.querySelector&&d.addEventListener&&\"undefined\"!=typeof URL&&(d.wp=d.wp||{},d.wp.receiveEmbedMessage||(d.wp.receiveEmbedMessage=function(e){var t=e.data;if((t||t.secret||t.message||t.value)&&!\/[^a-zA-Z0-9]\/.test(t.secret)){for(var s,r,n,a=l.querySelectorAll('iframe[data-secret=\"'+t.secret+'\"]'),o=l.querySelectorAll('blockquote[data-secret=\"'+t.secret+'\"]'),c=new RegExp(\"^https?:$\",\"i\"),i=0;i<o.length;i++)o[i].style.display=\"none\";for(i=0;i<a.length;i++)s=a[i],e.source===s.contentWindow&&(s.removeAttribute(\"style\"),\"height\"===t.message?(1e3<(r=parseInt(t.value,10))?r=1e3:~~r<200&&(r=200),s.height=r):\"link\"===t.message&&(r=new URL(s.getAttribute(\"src\")),n=new URL(t.value),c.test(n.protocol))&&n.host===r.host&&l.activeElement===s&&(d.top.location.href=t.value))}},d.addEventListener(\"message\",d.wp.receiveEmbedMessage,!1),l.addEventListener(\"DOMContentLoaded\",function(){for(var e,t,s=l.querySelectorAll(\"iframe.wp-embedded-content\"),r=0;r<s.length;r++)(t=(e=s[r]).getAttribute(\"data-secret\"))||(t=Math.random().toString(36).substring(2,12),e.src+=\"#?secret=\"+t,e.setAttribute(\"data-secret\",t)),e.contentWindow.postMessage({message:\"ready\",secret:t},\"*\")},!1)))}(window,document);\n\/* ]]> *\/\n<\/script>\n","description":"Dois estranhos numa orquestra\u00a0 Regente e Educador musical h\u00e1 mais de 40 anos. Foi coordenador do Departamento de M\u00fasica do col\u00e9gio Miguel de Cervantes. Autor do livro Dois Estranhos numa Orquestra, uma obra de fic\u00e7\u00e3o musical destinada a crian\u00e7as.\u00a0 Director de orquesta y educador musical desde hace m\u00e1s de 40 a\u00f1os. Fue coordinador del Departamento [&hellip;]","thumbnail_url":"https:\/\/www.cmc.com.br\/feiradolivro2025\/wp-content\/uploads\/2025\/05\/Ivo-Bonfiglioli-copiar.jpg","thumbnail_width":300,"thumbnail_height":300}