{"version":"1.0","provider_name":"Feira do Livro","provider_url":"https:\/\/www.cmc.com.br\/feiradolivro2025","author_name":"Tatiana","author_url":"https:\/\/www.cmc.com.br\/feiradolivro2025\/author\/tatiana\/","title":"Janaina Gisele - Intervenci\u00f3n Art\u00edstica - Feira do Livro","type":"rich","width":600,"height":338,"html":"<blockquote class=\"wp-embedded-content\" data-secret=\"u46wfeWGa6\"><a href=\"https:\/\/www.cmc.com.br\/feiradolivro2025\/conteudos\/janaina-gisele\/\">Janaina Gisele &#8211; Intervenci\u00f3n Art\u00edstica<\/a><\/blockquote><iframe sandbox=\"allow-scripts\" security=\"restricted\" src=\"https:\/\/www.cmc.com.br\/feiradolivro2025\/conteudos\/janaina-gisele\/embed\/#?secret=u46wfeWGa6\" width=\"600\" height=\"338\" title=\"&#8220;Janaina Gisele &#8211; Intervenci\u00f3n Art\u00edstica&#8221; &#8212; Feira do Livro\" data-secret=\"u46wfeWGa6\" frameborder=\"0\" marginwidth=\"0\" marginheight=\"0\" scrolling=\"no\" class=\"wp-embedded-content\"><\/iframe><script type=\"text\/javascript\">\n\/* <![CDATA[ *\/\n\/*! This file is auto-generated *\/\n!function(d,l){\"use strict\";l.querySelector&&d.addEventListener&&\"undefined\"!=typeof URL&&(d.wp=d.wp||{},d.wp.receiveEmbedMessage||(d.wp.receiveEmbedMessage=function(e){var t=e.data;if((t||t.secret||t.message||t.value)&&!\/[^a-zA-Z0-9]\/.test(t.secret)){for(var s,r,n,a=l.querySelectorAll('iframe[data-secret=\"'+t.secret+'\"]'),o=l.querySelectorAll('blockquote[data-secret=\"'+t.secret+'\"]'),c=new RegExp(\"^https?:$\",\"i\"),i=0;i<o.length;i++)o[i].style.display=\"none\";for(i=0;i<a.length;i++)s=a[i],e.source===s.contentWindow&&(s.removeAttribute(\"style\"),\"height\"===t.message?(1e3<(r=parseInt(t.value,10))?r=1e3:~~r<200&&(r=200),s.height=r):\"link\"===t.message&&(r=new URL(s.getAttribute(\"src\")),n=new URL(t.value),c.test(n.protocol))&&n.host===r.host&&l.activeElement===s&&(d.top.location.href=t.value))}},d.addEventListener(\"message\",d.wp.receiveEmbedMessage,!1),l.addEventListener(\"DOMContentLoaded\",function(){for(var e,t,s=l.querySelectorAll(\"iframe.wp-embedded-content\"),r=0;r<s.length;r++)(t=(e=s[r]).getAttribute(\"data-secret\"))||(t=Math.random().toString(36).substring(2,12),e.src+=\"#?secret=\"+t,e.setAttribute(\"data-secret\",t)),e.contentWindow.postMessage({message:\"ready\",secret:t},\"*\")},!1)))}(window,document);\n\/* ]]> *\/\n<\/script>\n","description":"Arte-educadora e dan\u00e7arina, atua nas linguagens das dan\u00e7as de sal\u00e3o e dan\u00e7as populares. \u00c9 tamb\u00e9m assistente social em forma\u00e7\u00e3o pela Universidade Cruzeiro do Sul \u2013 campus S\u00e3o Miguel Paulista.\u00a0 Formou-se em dan\u00e7as de sal\u00e3o pelas escolas Jaime Aroxa, Carlinhos de Jesus e Cia Alquimista. Fundadora do projeto sociocultural Coletiva Agb\u00e1, na zona leste de S\u00e3o [&hellip;]","thumbnail_url":"https:\/\/www.cmc.com.br\/feiradolivro2025\/wp-content\/uploads\/2025\/05\/Janaina-Gisele.jpg","thumbnail_width":300,"thumbnail_height":300}