{"version":"1.0","provider_name":"Hispanidad - CMC","provider_url":"https:\/\/www.cmc.com.br\/hispanidad2017","author_name":"natalia_becerril","author_url":"https:\/\/www.cmc.com.br\/hispanidad2017\/author\/natalia_becerril\/","title":"Divers\u00e3o no in\u00edcio do s\u00e9culo XX - Hispanidad - CMC","type":"rich","width":600,"height":338,"html":"<blockquote class=\"wp-embedded-content\" data-secret=\"JK7YZd4SOl\"><a href=\"https:\/\/www.cmc.com.br\/hispanidad2017\/conteudos\/diversao-no-inicio-do-seculo-xx\/\">Divers\u00e3o no in\u00edcio do s\u00e9culo XX<\/a><\/blockquote><iframe sandbox=\"allow-scripts\" security=\"restricted\" src=\"https:\/\/www.cmc.com.br\/hispanidad2017\/conteudos\/diversao-no-inicio-do-seculo-xx\/embed\/#?secret=JK7YZd4SOl\" width=\"600\" height=\"338\" title=\"&#8220;Divers\u00e3o no in\u00edcio do s\u00e9culo XX&#8221; &#8212; Hispanidad - CMC\" data-secret=\"JK7YZd4SOl\" frameborder=\"0\" marginwidth=\"0\" marginheight=\"0\" scrolling=\"no\" class=\"wp-embedded-content\"><\/iframe><script type=\"text\/javascript\">\n\/* <![CDATA[ *\/\n\/*! This file is auto-generated *\/\n!function(d,l){\"use strict\";l.querySelector&&d.addEventListener&&\"undefined\"!=typeof URL&&(d.wp=d.wp||{},d.wp.receiveEmbedMessage||(d.wp.receiveEmbedMessage=function(e){var t=e.data;if((t||t.secret||t.message||t.value)&&!\/[^a-zA-Z0-9]\/.test(t.secret)){for(var s,r,n,a=l.querySelectorAll('iframe[data-secret=\"'+t.secret+'\"]'),o=l.querySelectorAll('blockquote[data-secret=\"'+t.secret+'\"]'),c=new RegExp(\"^https?:$\",\"i\"),i=0;i<o.length;i++)o[i].style.display=\"none\";for(i=0;i<a.length;i++)s=a[i],e.source===s.contentWindow&&(s.removeAttribute(\"style\"),\"height\"===t.message?(1e3<(r=parseInt(t.value,10))?r=1e3:~~r<200&&(r=200),s.height=r):\"link\"===t.message&&(r=new URL(s.getAttribute(\"src\")),n=new URL(t.value),c.test(n.protocol))&&n.host===r.host&&l.activeElement===s&&(d.top.location.href=t.value))}},d.addEventListener(\"message\",d.wp.receiveEmbedMessage,!1),l.addEventListener(\"DOMContentLoaded\",function(){for(var e,t,s=l.querySelectorAll(\"iframe.wp-embedded-content\"),r=0;r<s.length;r++)(t=(e=s[r]).getAttribute(\"data-secret\"))||(t=Math.random().toString(36).substring(2,12),e.src+=\"#?secret=\"+t,e.setAttribute(\"data-secret\",t)),e.contentWindow.postMessage({message:\"ready\",secret:t},\"*\")},!1)))}(window,document);\n\/* ]]> *\/\n<\/script>\n","description":"Alunos produzem curta-metragem mudo mostrando a divers\u00e3o da popula\u00e7\u00e3o durante a \u201cEdad de la Plata\u201d Por: Natalia Portal Becerril | 28 de setembro de 2017. Os alunos de 6\u00b0 e 7\u00b0 anos, em diferentes grupos, est\u00e3o filmando v\u00e1rios trechos de um filme que, unidos, ser\u00e3o transformados em um filme mudo. Esse filme retrata como crian\u00e7as, [&hellip;]"}