{"version":"1.0","provider_name":"Hispanidad - CMC","provider_url":"https:\/\/www.cmc.com.br\/hispanidad2017","author_name":"luiza_ritondaro","author_url":"https:\/\/www.cmc.com.br\/hispanidad2017\/author\/luiza_ritondaro\/","title":"El submarino de Isaac Peral - Hispanidad - CMC","type":"rich","width":600,"height":338,"html":"<blockquote class=\"wp-embedded-content\" data-secret=\"Y7xKJDqsix\"><a href=\"https:\/\/www.cmc.com.br\/hispanidad2017\/conteudos\/el-submarino-de-isaac-peral\/\">El submarino de Isaac Peral<\/a><\/blockquote><iframe sandbox=\"allow-scripts\" security=\"restricted\" src=\"https:\/\/www.cmc.com.br\/hispanidad2017\/conteudos\/el-submarino-de-isaac-peral\/embed\/#?secret=Y7xKJDqsix\" width=\"600\" height=\"338\" title=\"&#8220;El submarino de Isaac Peral&#8221; &#8212; Hispanidad - CMC\" data-secret=\"Y7xKJDqsix\" frameborder=\"0\" marginwidth=\"0\" marginheight=\"0\" scrolling=\"no\" class=\"wp-embedded-content\"><\/iframe><script type=\"text\/javascript\">\n\/* <![CDATA[ *\/\n\/*! This file is auto-generated *\/\n!function(d,l){\"use strict\";l.querySelector&&d.addEventListener&&\"undefined\"!=typeof URL&&(d.wp=d.wp||{},d.wp.receiveEmbedMessage||(d.wp.receiveEmbedMessage=function(e){var t=e.data;if((t||t.secret||t.message||t.value)&&!\/[^a-zA-Z0-9]\/.test(t.secret)){for(var s,r,n,a=l.querySelectorAll('iframe[data-secret=\"'+t.secret+'\"]'),o=l.querySelectorAll('blockquote[data-secret=\"'+t.secret+'\"]'),c=new RegExp(\"^https?:$\",\"i\"),i=0;i<o.length;i++)o[i].style.display=\"none\";for(i=0;i<a.length;i++)s=a[i],e.source===s.contentWindow&&(s.removeAttribute(\"style\"),\"height\"===t.message?(1e3<(r=parseInt(t.value,10))?r=1e3:~~r<200&&(r=200),s.height=r):\"link\"===t.message&&(r=new URL(s.getAttribute(\"src\")),n=new URL(t.value),c.test(n.protocol))&&n.host===r.host&&l.activeElement===s&&(d.top.location.href=t.value))}},d.addEventListener(\"message\",d.wp.receiveEmbedMessage,!1),l.addEventListener(\"DOMContentLoaded\",function(){for(var e,t,s=l.querySelectorAll(\"iframe.wp-embedded-content\"),r=0;r<s.length;r++)(t=(e=s[r]).getAttribute(\"data-secret\"))||(t=Math.random().toString(36).substring(2,12),e.src+=\"#?secret=\"+t,e.setAttribute(\"data-secret\",t)),e.contentWindow.postMessage({message:\"ready\",secret:t},\"*\")},!1)))}(window,document);\n\/* ]]> *\/\n<\/script>\n","description":"Alumnos de Infantil y Primer a\u00f1o construyen submarinos \u00fanicos Por: Luiza Ritondaro | 27 de Septiembre de 2017\u00a0 Isaac Peral fue el gran inventor del primer submarino el\u00e9ctrico, que es m\u00e1s conocido como submarino Peral. Peral construy\u00f3 este submarino para la Marina Espa\u00f1ola, que se estren\u00f3 en el 8 de septiembre de 1888. Algunos de [&hellip;]"}