{"version":"1.0","provider_name":"Hispanidad - CMC","provider_url":"https:\/\/www.cmc.com.br\/hispanidad2017","author_name":"Tatiana","author_url":"https:\/\/www.cmc.com.br\/hispanidad2017\/author\/tatiana\/","title":"A obra de Dal\u00ed torna-se realidade - Hispanidad - CMC","type":"rich","width":600,"height":338,"html":"<blockquote class=\"wp-embedded-content\" data-secret=\"bktNGp2JoT\"><a href=\"https:\/\/www.cmc.com.br\/hispanidad2017\/conteudos\/obra-de-dali-torna-se-realidade\/\">A obra de Dal\u00ed torna-se realidade<\/a><\/blockquote><iframe sandbox=\"allow-scripts\" security=\"restricted\" src=\"https:\/\/www.cmc.com.br\/hispanidad2017\/conteudos\/obra-de-dali-torna-se-realidade\/embed\/#?secret=bktNGp2JoT\" width=\"600\" height=\"338\" title=\"&#8220;A obra de Dal\u00ed torna-se realidade&#8221; &#8212; Hispanidad - CMC\" data-secret=\"bktNGp2JoT\" frameborder=\"0\" marginwidth=\"0\" marginheight=\"0\" scrolling=\"no\" class=\"wp-embedded-content\"><\/iframe><script type=\"text\/javascript\">\n\/* <![CDATA[ *\/\n\/*! This file is auto-generated *\/\n!function(d,l){\"use strict\";l.querySelector&&d.addEventListener&&\"undefined\"!=typeof URL&&(d.wp=d.wp||{},d.wp.receiveEmbedMessage||(d.wp.receiveEmbedMessage=function(e){var t=e.data;if((t||t.secret||t.message||t.value)&&!\/[^a-zA-Z0-9]\/.test(t.secret)){for(var s,r,n,a=l.querySelectorAll('iframe[data-secret=\"'+t.secret+'\"]'),o=l.querySelectorAll('blockquote[data-secret=\"'+t.secret+'\"]'),c=new RegExp(\"^https?:$\",\"i\"),i=0;i<o.length;i++)o[i].style.display=\"none\";for(i=0;i<a.length;i++)s=a[i],e.source===s.contentWindow&&(s.removeAttribute(\"style\"),\"height\"===t.message?(1e3<(r=parseInt(t.value,10))?r=1e3:~~r<200&&(r=200),s.height=r):\"link\"===t.message&&(r=new URL(s.getAttribute(\"src\")),n=new URL(t.value),c.test(n.protocol))&&n.host===r.host&&l.activeElement===s&&(d.top.location.href=t.value))}},d.addEventListener(\"message\",d.wp.receiveEmbedMessage,!1),l.addEventListener(\"DOMContentLoaded\",function(){for(var e,t,s=l.querySelectorAll(\"iframe.wp-embedded-content\"),r=0;r<s.length;r++)(t=(e=s[r]).getAttribute(\"data-secret\"))||(t=Math.random().toString(36).substring(2,12),e.src+=\"#?secret=\"+t,e.setAttribute(\"data-secret\",t)),e.contentWindow.postMessage({message:\"ready\",secret:t},\"*\")},!1)))}(window,document);\n\/* ]]> *\/\n<\/script>\n","description":"Por: Patr\u00edcia Lopes | 20 de outubro de 2017 A obra de Salvador Dal\u00ed conhecida como &#8220;A persist\u00eancia da mem\u00f3ria&#8221; foi representada por meio de uma maquete pelo grupo do segundo ano do Ensino M\u00e9dio. O tema da representa\u00e7\u00e3o, apresentada no Congresso da Hispanidad de 2017, \u00e9 &#8220;La persistencia da memoria: relatividad en la obra [&hellip;]"}