{"version":"1.0","provider_name":"Hispanidad - CMC","provider_url":"https:\/\/www.cmc.com.br\/hispanidad2017","author_name":"eduardo_baldini","author_url":"https:\/\/www.cmc.com.br\/hispanidad2017\/author\/eduardo_baldini\/","title":"Salvador Dal\u00ed e a Matem\u00e1tica - Hispanidad - CMC","type":"rich","width":600,"height":338,"html":"<blockquote class=\"wp-embedded-content\" data-secret=\"bmknQVMA4Z\"><a href=\"https:\/\/www.cmc.com.br\/hispanidad2017\/conteudos\/salvador-dali-e-matematica\/\">Salvador Dal\u00ed e a Matem\u00e1tica<\/a><\/blockquote><iframe sandbox=\"allow-scripts\" security=\"restricted\" src=\"https:\/\/www.cmc.com.br\/hispanidad2017\/conteudos\/salvador-dali-e-matematica\/embed\/#?secret=bmknQVMA4Z\" width=\"600\" height=\"338\" title=\"&#8220;Salvador Dal\u00ed e a Matem\u00e1tica&#8221; &#8212; Hispanidad - CMC\" data-secret=\"bmknQVMA4Z\" frameborder=\"0\" marginwidth=\"0\" marginheight=\"0\" scrolling=\"no\" class=\"wp-embedded-content\"><\/iframe><script type=\"text\/javascript\">\n\/* <![CDATA[ *\/\n\/*! This file is auto-generated *\/\n!function(d,l){\"use strict\";l.querySelector&&d.addEventListener&&\"undefined\"!=typeof URL&&(d.wp=d.wp||{},d.wp.receiveEmbedMessage||(d.wp.receiveEmbedMessage=function(e){var t=e.data;if((t||t.secret||t.message||t.value)&&!\/[^a-zA-Z0-9]\/.test(t.secret)){for(var s,r,n,a=l.querySelectorAll('iframe[data-secret=\"'+t.secret+'\"]'),o=l.querySelectorAll('blockquote[data-secret=\"'+t.secret+'\"]'),c=new RegExp(\"^https?:$\",\"i\"),i=0;i<o.length;i++)o[i].style.display=\"none\";for(i=0;i<a.length;i++)s=a[i],e.source===s.contentWindow&&(s.removeAttribute(\"style\"),\"height\"===t.message?(1e3<(r=parseInt(t.value,10))?r=1e3:~~r<200&&(r=200),s.height=r):\"link\"===t.message&&(r=new URL(s.getAttribute(\"src\")),n=new URL(t.value),c.test(n.protocol))&&n.host===r.host&&l.activeElement===s&&(d.top.location.href=t.value))}},d.addEventListener(\"message\",d.wp.receiveEmbedMessage,!1),l.addEventListener(\"DOMContentLoaded\",function(){for(var e,t,s=l.querySelectorAll(\"iframe.wp-embedded-content\"),r=0;r<s.length;r++)(t=(e=s[r]).getAttribute(\"data-secret\"))||(t=Math.random().toString(36).substring(2,12),e.src+=\"#?secret=\"+t,e.setAttribute(\"data-secret\",t)),e.contentWindow.postMessage({message:\"ready\",secret:t},\"*\")},!1)))}(window,document);\n\/* ]]> *\/\n<\/script>\n","description":"Dal\u00ed e a sua rela\u00e7\u00e3o com a raz\u00e3o \u00e1urea Por: Eduardo Baldini | 26 de setembro de 2017. O famoso artista espanhol Salvador Dal\u00ed tamb\u00e9m passou um per\u00edodo na Resid\u00eancia dos Estudantes. Ele faz suas obras surrealistas n\u00e3o s\u00f3 com base em fatos de sua mente, mas tamb\u00e9m baseado em estudos matem\u00e1ticos, como a raz\u00e3o [&hellip;]"}