{"version":"1.0","provider_name":"Hispanidad - CMC","provider_url":"https:\/\/www.cmc.com.br\/hispanidad2018","author_name":"Fernanda","author_url":"https:\/\/www.cmc.com.br\/hispanidad2018\/author\/fernanda_baruel\/","title":"1970 a 2010 - Hispanidad - CMC","type":"rich","width":600,"height":338,"html":"<blockquote class=\"wp-embedded-content\" data-secret=\"GPY26rgVtr\"><a href=\"https:\/\/www.cmc.com.br\/hispanidad2018\/conteudos\/1970-a-2010\/\">1970 a 2010<\/a><\/blockquote><iframe sandbox=\"allow-scripts\" security=\"restricted\" src=\"https:\/\/www.cmc.com.br\/hispanidad2018\/conteudos\/1970-a-2010\/embed\/#?secret=GPY26rgVtr\" width=\"600\" height=\"338\" title=\"&#8220;1970 a 2010&#8221; &#8212; Hispanidad - CMC\" data-secret=\"GPY26rgVtr\" frameborder=\"0\" marginwidth=\"0\" marginheight=\"0\" scrolling=\"no\" class=\"wp-embedded-content\"><\/iframe><script type=\"text\/javascript\">\n\/* <![CDATA[ *\/\n\/*! This file is auto-generated *\/\n!function(d,l){\"use strict\";l.querySelector&&d.addEventListener&&\"undefined\"!=typeof URL&&(d.wp=d.wp||{},d.wp.receiveEmbedMessage||(d.wp.receiveEmbedMessage=function(e){var t=e.data;if((t||t.secret||t.message||t.value)&&!\/[^a-zA-Z0-9]\/.test(t.secret)){for(var s,r,n,a=l.querySelectorAll('iframe[data-secret=\"'+t.secret+'\"]'),o=l.querySelectorAll('blockquote[data-secret=\"'+t.secret+'\"]'),c=new RegExp(\"^https?:$\",\"i\"),i=0;i<o.length;i++)o[i].style.display=\"none\";for(i=0;i<a.length;i++)s=a[i],e.source===s.contentWindow&&(s.removeAttribute(\"style\"),\"height\"===t.message?(1e3<(r=parseInt(t.value,10))?r=1e3:~~r<200&&(r=200),s.height=r):\"link\"===t.message&&(r=new URL(s.getAttribute(\"src\")),n=new URL(t.value),c.test(n.protocol))&&n.host===r.host&&l.activeElement===s&&(d.top.location.href=t.value))}},d.addEventListener(\"message\",d.wp.receiveEmbedMessage,!1),l.addEventListener(\"DOMContentLoaded\",function(){for(var e,t,s=l.querySelectorAll(\"iframe.wp-embedded-content\"),r=0;r<s.length;r++)(t=(e=s[r]).getAttribute(\"data-secret\"))||(t=Math.random().toString(36).substring(2,12),e.src+=\"#?secret=\"+t,e.setAttribute(\"data-secret\",t)),e.contentWindow.postMessage({message:\"ready\",secret:t},\"*\")},!1)))}(window,document);\n\/* ]]> *\/\n<\/script>\n","description":"Los locos \u00faltimos 40 a\u00f1os Por: Nicol\u00e1s De Skalon Tercic | 24 de septiembre de 2018. En el final de la d\u00e9cada de los a\u00f1os 70 con los nuevos movimientos sociales como en el medio ambiente, en la m\u00fasica, en la televisi\u00f3n, etc., la vida ya no era la misma. Ese progreso tuvo especial repercusi\u00f3n [&hellip;]"}