{"version":"1.0","provider_name":"Hispanidad - CMC","provider_url":"https:\/\/www.cmc.com.br\/hispanidad2021","author_name":"Tatiana","author_url":"https:\/\/www.cmc.com.br\/hispanidad2021\/author\/tatiana\/","title":"Federico Garc\u00eda Lorca - 8\u00ba EF - Hispanidad - CMC","type":"rich","width":600,"height":338,"html":"<blockquote class=\"wp-embedded-content\" data-secret=\"nP9Mlmog1Y\"><a href=\"https:\/\/www.cmc.com.br\/hispanidad2021\/conteudos\/federico-garcia-lorca-8o-ef\/\">Federico Garc\u00eda Lorca &#8211; 8\u00ba EF<\/a><\/blockquote><iframe sandbox=\"allow-scripts\" security=\"restricted\" src=\"https:\/\/www.cmc.com.br\/hispanidad2021\/conteudos\/federico-garcia-lorca-8o-ef\/embed\/#?secret=nP9Mlmog1Y\" width=\"600\" height=\"338\" title=\"&#8220;Federico Garc\u00eda Lorca &#8211; 8\u00ba EF&#8221; &#8212; Hispanidad - CMC\" data-secret=\"nP9Mlmog1Y\" frameborder=\"0\" marginwidth=\"0\" marginheight=\"0\" scrolling=\"no\" class=\"wp-embedded-content\"><\/iframe><script type=\"text\/javascript\">\n\/* <![CDATA[ *\/\n\/*! This file is auto-generated *\/\n!function(d,l){\"use strict\";l.querySelector&&d.addEventListener&&\"undefined\"!=typeof URL&&(d.wp=d.wp||{},d.wp.receiveEmbedMessage||(d.wp.receiveEmbedMessage=function(e){var t=e.data;if((t||t.secret||t.message||t.value)&&!\/[^a-zA-Z0-9]\/.test(t.secret)){for(var s,r,n,a=l.querySelectorAll('iframe[data-secret=\"'+t.secret+'\"]'),o=l.querySelectorAll('blockquote[data-secret=\"'+t.secret+'\"]'),c=new RegExp(\"^https?:$\",\"i\"),i=0;i<o.length;i++)o[i].style.display=\"none\";for(i=0;i<a.length;i++)s=a[i],e.source===s.contentWindow&&(s.removeAttribute(\"style\"),\"height\"===t.message?(1e3<(r=parseInt(t.value,10))?r=1e3:~~r<200&&(r=200),s.height=r):\"link\"===t.message&&(r=new URL(s.getAttribute(\"src\")),n=new URL(t.value),c.test(n.protocol))&&n.host===r.host&&l.activeElement===s&&(d.top.location.href=t.value))}},d.addEventListener(\"message\",d.wp.receiveEmbedMessage,!1),l.addEventListener(\"DOMContentLoaded\",function(){for(var e,t,s=l.querySelectorAll(\"iframe.wp-embedded-content\"),r=0;r<s.length;r++)(t=(e=s[r]).getAttribute(\"data-secret\"))||(t=Math.random().toString(36).substring(2,12),e.src+=\"#?secret=\"+t,e.setAttribute(\"data-secret\",t)),e.contentWindow.postMessage({message:\"ready\",secret:t},\"*\")},!1)))}(window,document);\n\/* ]]> *\/\n<\/script>\n","description":"Garc\u00eda Lorca en Granada, bien de inter\u00e9s cultural Profesor orientador: Helio Ponciano da Silva Federico Garc\u00eda Lorca: poeta, dramaturgo y prosista espa\u00f1ol, que naci\u00f3 el 5 de junio de 1898 en Granada y muri\u00f3 el 18 de agosto de 1936.\u00a0En \u00a02021 hizo 85 a\u00f1os de su asesinato.\u00a0La relaci\u00f3n de Federico Garc\u00eda Lorca con Granada era [&hellip;]"}