{"version":"1.0","provider_name":"Hispanidad - CMC","provider_url":"https:\/\/www.cmc.com.br\/hispanidad2023","author_name":"Tatiana","author_url":"https:\/\/www.cmc.com.br\/hispanidad2023\/author\/tatiana\/","title":"Concienciar para transformar\u00a0- 8\u00ba y 9\u00ba EF - Hispanidad - CMC","type":"rich","width":600,"height":338,"html":"<blockquote class=\"wp-embedded-content\" data-secret=\"Fjd8hREjh4\"><a href=\"https:\/\/www.cmc.com.br\/hispanidad2023\/conteudos\/concienciar-para-transformar-8o-y-9o-ef\/\">Concienciar para transformar\u00a0&#8211; 8\u00ba y 9\u00ba EF<\/a><\/blockquote><iframe sandbox=\"allow-scripts\" security=\"restricted\" src=\"https:\/\/www.cmc.com.br\/hispanidad2023\/conteudos\/concienciar-para-transformar-8o-y-9o-ef\/embed\/#?secret=Fjd8hREjh4\" width=\"600\" height=\"338\" title=\"&#8220;Concienciar para transformar\u00a0&#8211; 8\u00ba y 9\u00ba EF&#8221; &#8212; Hispanidad - CMC\" data-secret=\"Fjd8hREjh4\" frameborder=\"0\" marginwidth=\"0\" marginheight=\"0\" scrolling=\"no\" class=\"wp-embedded-content\"><\/iframe><script type=\"text\/javascript\">\n\/* <![CDATA[ *\/\n\/*! This file is auto-generated *\/\n!function(d,l){\"use strict\";l.querySelector&&d.addEventListener&&\"undefined\"!=typeof URL&&(d.wp=d.wp||{},d.wp.receiveEmbedMessage||(d.wp.receiveEmbedMessage=function(e){var t=e.data;if((t||t.secret||t.message||t.value)&&!\/[^a-zA-Z0-9]\/.test(t.secret)){for(var s,r,n,a=l.querySelectorAll('iframe[data-secret=\"'+t.secret+'\"]'),o=l.querySelectorAll('blockquote[data-secret=\"'+t.secret+'\"]'),c=new RegExp(\"^https?:$\",\"i\"),i=0;i<o.length;i++)o[i].style.display=\"none\";for(i=0;i<a.length;i++)s=a[i],e.source===s.contentWindow&&(s.removeAttribute(\"style\"),\"height\"===t.message?(1e3<(r=parseInt(t.value,10))?r=1e3:~~r<200&&(r=200),s.height=r):\"link\"===t.message&&(r=new URL(s.getAttribute(\"src\")),n=new URL(t.value),c.test(n.protocol))&&n.host===r.host&&l.activeElement===s&&(d.top.location.href=t.value))}},d.addEventListener(\"message\",d.wp.receiveEmbedMessage,!1),l.addEventListener(\"DOMContentLoaded\",function(){for(var e,t,s=l.querySelectorAll(\"iframe.wp-embedded-content\"),r=0;r<s.length;r++)(t=(e=s[r]).getAttribute(\"data-secret\"))||(t=Math.random().toString(36).substring(2,12),e.src+=\"#?secret=\"+t,e.setAttribute(\"data-secret\",t)),e.contentWindow.postMessage({message:\"ready\",secret:t},\"*\")},!1)))}(window,document);\n\/* ]]> *\/\n<\/script>\n","description":"Concienciar para transformar\u00a0 Profesores: Andr\u00e9 Cabral, Claudia Galv\u00e1n y David Palomino\u00a0 En el proyecto Concienciar para transformar se construy\u00f3 un contexto de cultura para la paz que consider\u00f3 la profunda influencia que la obra de Pablo Picasso tuvo durante per\u00edodos de guerra (Primera Guerra Mundial, Guerra Civil Espa\u00f1ola y Segunda Guerra Mundial). Con las investigaciones [&hellip;]","thumbnail_url":"https:\/\/www.cmc.com.br\/hispanidad2023\/wp-content\/uploads\/2023\/10\/2023_HOtsite_Concienciar-1-150x150.jpg"}