{"version":"1.0","provider_name":"Hispanidad - CMC","provider_url":"https:\/\/www.cmc.com.br\/hispanidad2023","author_name":"Tatiana","author_url":"https:\/\/www.cmc.com.br\/hispanidad2023\/author\/tatiana\/","title":"M\u00e1scaras cubistas - 4\u00ba y 5\u00ba EF - Hispanidad - CMC","type":"rich","width":600,"height":338,"html":"<blockquote class=\"wp-embedded-content\" data-secret=\"OdcEHGgpo9\"><a href=\"https:\/\/www.cmc.com.br\/hispanidad2023\/conteudos\/mascaras-cubistas-4o-y-5o-ensenanza-fundamental\/\">M\u00e1scaras cubistas &#8211; 4\u00ba y 5\u00ba EF<\/a><\/blockquote><iframe sandbox=\"allow-scripts\" security=\"restricted\" src=\"https:\/\/www.cmc.com.br\/hispanidad2023\/conteudos\/mascaras-cubistas-4o-y-5o-ensenanza-fundamental\/embed\/#?secret=OdcEHGgpo9\" width=\"600\" height=\"338\" title=\"&#8220;M\u00e1scaras cubistas &#8211; 4\u00ba y 5\u00ba EF&#8221; &#8212; Hispanidad - CMC\" data-secret=\"OdcEHGgpo9\" frameborder=\"0\" marginwidth=\"0\" marginheight=\"0\" scrolling=\"no\" class=\"wp-embedded-content\"><\/iframe><script type=\"text\/javascript\">\n\/* <![CDATA[ *\/\n\/*! This file is auto-generated *\/\n!function(d,l){\"use strict\";l.querySelector&&d.addEventListener&&\"undefined\"!=typeof URL&&(d.wp=d.wp||{},d.wp.receiveEmbedMessage||(d.wp.receiveEmbedMessage=function(e){var t=e.data;if((t||t.secret||t.message||t.value)&&!\/[^a-zA-Z0-9]\/.test(t.secret)){for(var s,r,n,a=l.querySelectorAll('iframe[data-secret=\"'+t.secret+'\"]'),o=l.querySelectorAll('blockquote[data-secret=\"'+t.secret+'\"]'),c=new RegExp(\"^https?:$\",\"i\"),i=0;i<o.length;i++)o[i].style.display=\"none\";for(i=0;i<a.length;i++)s=a[i],e.source===s.contentWindow&&(s.removeAttribute(\"style\"),\"height\"===t.message?(1e3<(r=parseInt(t.value,10))?r=1e3:~~r<200&&(r=200),s.height=r):\"link\"===t.message&&(r=new URL(s.getAttribute(\"src\")),n=new URL(t.value),c.test(n.protocol))&&n.host===r.host&&l.activeElement===s&&(d.top.location.href=t.value))}},d.addEventListener(\"message\",d.wp.receiveEmbedMessage,!1),l.addEventListener(\"DOMContentLoaded\",function(){for(var e,t,s=l.querySelectorAll(\"iframe.wp-embedded-content\"),r=0;r<s.length;r++)(t=(e=s[r]).getAttribute(\"data-secret\"))||(t=Math.random().toString(36).substring(2,12),e.src+=\"#?secret=\"+t,e.setAttribute(\"data-secret\",t)),e.contentWindow.postMessage({message:\"ready\",secret:t},\"*\")},!1)))}(window,document);\n\/* ]]> *\/\n<\/script>\n","description":"Proyecto \u201cM\u00e1scaras Cubistas\u201d Por: David Alonso Garc\u00eda El proyecto \u201cM\u00e1scaras Cubistas\u201d es fruto de un proceso creativo a partir de la observaci\u00f3n de la trayectoria art\u00edstica de Picasso, en el comienzo del siglo XX, cuando pintor se inspir\u00f3 en las m\u00e1scaras africanas para producir sus obras, siendo estas, uno de los elementos base del movimiento [&hellip;]","thumbnail_url":"https:\/\/www.cmc.com.br\/hispanidad2023\/wp-content\/uploads\/2023\/10\/2023_Hotsite_Davi-1-150x150.jpg"}